{"id":991808,"date":"2021-12-22T15:02:55","date_gmt":"2021-12-22T14:02:55","guid":{"rendered":"http:\/\/new.poderemaremma.it\/restaurant-orbetello\/"},"modified":"2023-02-13T15:23:42","modified_gmt":"2023-02-13T14:23:42","slug":"restaurant-orbetello","status":"publish","type":"page","link":"https:\/\/www.poderemaremma.it\/de\/restaurant-orbetello\/","title":{"rendered":"Restaurant"},"content":{"rendered":"<div class=\"fl-builder-content fl-builder-content-991808 fl-builder-global-templates-locked\" data-post-id=\"991808\"><div class=\"fl-row fl-row-full-width fl-row-bg-color fl-node-h6l39ose2f1d fl-row-bg-attachment-scroll\" data-node=\"h6l39ose2f1d\">\n\t<div class=\"fl-row-content-wrap\">\n\t\t\t\t\t\t<div class=\"fl-row-content fl-row-fixed-width fl-node-content\">\n\t\t\n<div class=\"fl-col-group fl-node-mpql8wsdg7nz\" data-node=\"mpql8wsdg7nz\">\n\t\t\t<div class=\"fl-col fl-node-qfykl08w5udv\" data-node=\"qfykl08w5udv\">\n\t<div class=\"fl-col-content fl-node-content\">\n\t<div class=\"fl-module fl-module-html fl-node-5xlnwf69iv03\" data-node=\"5xlnwf69iv03\">\n\t<div class=\"fl-module-content fl-node-content\">\n\t\t<div class=\"fl-html\">\n\t<div class=\"sostitutibookingengine\">\n  <a href=\"tel:+3905641886996\" target=\"_blank\" class=\"bookingbutton prenota\">Jetzt Anrufen<\/a> <a href=\"https:\/\/api.whatsapp.com\/send?phone=3905641886996&text=Hi%2C%20i%20see%20the%20web%20site%20wanna%20ask%3A%20\" class=\"bookingbutton\">Chat WhatsApp<\/a>\n<\/div><\/div>\n\t<\/div>\n<\/div>\n\t<\/div>\n<\/div>\n\t<\/div>\n\t\t<\/div>\n\t<\/div>\n<\/div>\n<div class=\"fl-row fl-row-full-width fl-row-bg-color fl-node-f7xrs1nyiucd fl-row-bg-attachment-scroll\" data-node=\"f7xrs1nyiucd\">\n\t<div class=\"fl-row-content-wrap\">\n\t\t\t\t\t\t<div class=\"fl-row-content fl-row-fixed-width fl-node-content\">\n\t\t\n<div class=\"fl-col-group fl-node-8v5ztpxbjk6h fl-col-group-custom-width\" data-node=\"8v5ztpxbjk6h\">\n\t\t\t<div class=\"fl-col fl-node-0qoi621ct3ma\" data-node=\"0qoi621ct3ma\">\n\t<div class=\"fl-col-content fl-node-content\">\n\t<div class=\"fl-module fl-module-photo fl-node-0nhd619wqstu\" data-node=\"0nhd619wqstu\">\n\t<div class=\"fl-module-content fl-node-content\">\n\t\t<div class=\"fl-photo fl-photo-align-center\" itemscope itemtype=\"http:\/\/schema.org\/ImageObject\">\n\t<div class=\"fl-photo-content fl-photo-img-jpg\">\n\t\t\t\t\t\t\t<img loading=\"lazy\" decoding=\"async\" width=\"530\" height=\"430\" class=\"fl-photo-img wp-image-991196 vamtam-lazyload-noparent\" src=\"http:\/\/www.poderemaremma.it\/wp-content\/uploads\/2022\/09\/logo-il-leccino.jpg\" alt=\"Ristorante Il Leccino - Podere Maremma\" itemprop=\"image\" title=\"Ristorante Il Leccino - Podere Maremma\"  sizes=\"auto, (max-width: 760px) 100vw, (min-width: 1260px) 1260px,100vw\" srcset=\"data:image\/svg+xml;utf8,&lt;svg%20xmlns=&quot;http:\/\/www.w3.org\/2000\/svg&quot;%20viewBox=&quot;0%200%20530%20430&quot;%20height=&quot;430px&quot;%20width=&quot;530px&quot;\/&gt;\" data-srcset=\"https:\/\/www.poderemaremma.it\/wp-content\/uploads\/2022\/09\/logo-il-leccino.jpg 530w, https:\/\/www.poderemaremma.it\/wp-content\/uploads\/2022\/09\/logo-il-leccino-300x243.jpg 300w, https:\/\/www.poderemaremma.it\/wp-content\/uploads\/2022\/09\/logo-il-leccino-420x341.jpg 420w, https:\/\/www.poderemaremma.it\/wp-content\/uploads\/2022\/09\/logo-il-leccino-315x256.jpg 315w\" \/>\t\t\t\t\t\t\t<\/div>\n\t<\/div>\n\t<\/div>\n<\/div>\n<div class=\"fl-module fl-module-rich-text fl-node-emduslchf8o2\" data-node=\"emduslchf8o2\">\n\t<div class=\"fl-module-content fl-node-content\">\n\t\t<div class=\"fl-rich-text\">\n\t<p style=\"text-align: center;\">Das Restaurant Il Leccino ist t\u00e4glich zum Abendessen ge\u00f6ffnet, samstags und sonntags auch zum Mittagessen.<\/p>\n<p style=\"text-align: center;\">Jeden Tag garantiert die Agri-Bar leckere Alternativen.<\/p>\n<\/div>\n\t<\/div>\n<\/div>\n<div class=\"fl-module fl-module-button fl-node-9hvutlw1732c\" data-node=\"9hvutlw1732c\">\n\t<div class=\"fl-module-content fl-node-content\">\n\t\t<div class=\"fl-button-wrap fl-button-width-auto fl-button-center fl-button-has-icon\">\n\t\t\t<a href=\"http:\/\/www.poderemaremma.it\/wp-content\/uploads\/2022\/09\/menu-estate-2022.pdf\" target=\"_blank\" class=\"fl-button\" role=\"button\" rel=\"noopener\" >\n\t\t\t\t\t<i class=\"fl-button-icon fl-button-icon-before fas fa-file-pdf\" aria-hidden=\"true\"><\/i>\n\t\t\t\t\t\t<span class=\"fl-button-text\">SEHEN SIE UNSERE PDF-MEN\u00dc AN<\/span>\n\t\t\t\t\t<\/a>\n<\/div>\n\t<\/div>\n<\/div>\n\t<\/div>\n<\/div>\n\t<\/div>\n\t\t<\/div>\n\t<\/div>\n<\/div>\n<div class=\"fl-row fl-row-full-width fl-row-bg-color fl-node-btl78wg9uzfh fl-row-bg-attachment-scroll\" data-node=\"btl78wg9uzfh\">\n\t<div class=\"fl-row-content-wrap\">\n\t\t\t\t\t\t<div class=\"fl-row-content fl-row-fixed-width fl-node-content\">\n\t\t\n<div class=\"fl-col-group fl-node-wba0hpkes5id fl-col-group-custom-width\" data-node=\"wba0hpkes5id\">\n\t\t\t<div class=\"fl-col fl-node-241xk3zlwbmn fl-col-has-cols\" data-node=\"241xk3zlwbmn\">\n\t<div class=\"fl-col-content fl-node-content\">\n\t\n<div class=\"fl-col-group fl-node-j72xm0plo4fv fl-col-group-nested fl-col-group-equal-height fl-col-group-align-center fl-col-group-custom-width fl-col-group-responsive-reversed\" data-node=\"j72xm0plo4fv\">\n\t\t\t<div class=\"fl-col fl-node-gkf2da50mnsj fl-col-small\" data-node=\"gkf2da50mnsj\">\n\t<div class=\"fl-col-content fl-node-content\">\n\t<div class=\"fl-module fl-module-vamtam-icon fl-node-40giu98hmplx\" data-node=\"40giu98hmplx\">\n\t<div class=\"fl-module-content fl-node-content\">\n\t\t<span class=\"fl-icon-wrap\">\n\t<span class=\"fl-icon\">\n\t\t\t\t\t<i class=\"fas fa-utensils \" ><\/i>\n\t\t\t<\/span>\n\n\t<\/span>\n\t<\/div>\n<\/div>\n<div class=\"fl-module fl-module-vamtam-heading fl-node-04fug8kcdl56\" data-node=\"04fug8kcdl56\">\n\t<div class=\"fl-module-content fl-node-content\">\n\t\t<h3 class=\"vamtam-heading \">\n\t\n\t\n\t<span class=\"vamtam-heading-text\">Restaurant in der Maremma<\/span>\n\n\t\n\t<\/h3>\n\t<\/div>\n<\/div>\n<div class=\"fl-module fl-module-rich-text fl-node-rmfwi2doc78a\" data-node=\"rmfwi2doc78a\">\n\t<div class=\"fl-module-content fl-node-content\">\n\t\t<div class=\"fl-rich-text\">\n\t<p>Das Restaurant Il Leccino, das sich im Inneren des Agritourismus Podere Maremma befindet, bietet unseren G\u00e4sten ein unvergessliches kulinarisches Erlebnis.<\/p>\n<p>Jedes vom Chefkoch kreierte Gericht wird ausschlie\u00dflich mit Produkten von unserem Anwesen oder anderen lokalen Bauernh\u00f6fen zubereitet.<\/p>\n<\/div>\n\t<\/div>\n<\/div>\n\t<\/div>\n<\/div>\n\t\t\t<div class=\"fl-col fl-node-sthp5z6ldxkc\" data-node=\"sthp5z6ldxkc\" data-progressive-animation=\"move-from-bottom\" data-vamtam-animation-options=\"{&quot;type&quot;:&quot;progressive&quot;,&quot;origin&quot;:&quot;center center&quot;,&quot;exit&quot;:false,&quot;delay&quot;:0,&quot;mobile&quot;:false,&quot;pin&quot;:false,&quot;pinTrigger&quot;:&quot;&quot;}\">\n\t<div class=\"fl-col-content fl-node-content\">\n\t\t<\/div>\n<\/div>\n\t<\/div>\n\t<\/div>\n<\/div>\n\t<\/div>\n\t\t<\/div>\n\t<\/div>\n<\/div>\n<div class=\"fl-row fl-row-full-width fl-row-bg-color fl-node-ckd3tg2ulo41 fl-row-bg-attachment-scroll\" data-node=\"ckd3tg2ulo41\">\n\t<div class=\"fl-row-content-wrap\">\n\t\t\t\t\t\t<div class=\"fl-row-content fl-row-fixed-width fl-node-content\">\n\t\t\n<div class=\"fl-col-group fl-node-j9r3takxeq8h fl-col-group-custom-width\" data-node=\"j9r3takxeq8h\">\n\t\t\t<div class=\"fl-col fl-node-rgp5j6io0ysx fl-col-has-cols\" data-node=\"rgp5j6io0ysx\">\n\t<div class=\"fl-col-content fl-node-content\">\n\t\n<div class=\"fl-col-group fl-node-akwp4bcv5r3m fl-col-group-nested fl-col-group-equal-height fl-col-group-align-center fl-col-group-custom-width\" data-node=\"akwp4bcv5r3m\">\n\t\t\t<div class=\"fl-col fl-node-g2b6a97spr43\" data-node=\"g2b6a97spr43\" data-progressive-animation=\"move-from-bottom\" data-vamtam-animation-options=\"{&quot;type&quot;:&quot;progressive&quot;,&quot;origin&quot;:&quot;center center&quot;,&quot;exit&quot;:false,&quot;delay&quot;:0,&quot;mobile&quot;:false,&quot;pin&quot;:false,&quot;pinTrigger&quot;:&quot;&quot;}\">\n\t<div class=\"fl-col-content fl-node-content\">\n\t\t<\/div>\n<\/div>\n\t\t\t<div class=\"fl-col fl-node-wt839jnmyosu fl-col-small\" data-node=\"wt839jnmyosu\">\n\t<div class=\"fl-col-content fl-node-content\">\n\t<div class=\"fl-module fl-module-vamtam-icon fl-node-syi8713gckmr\" data-node=\"syi8713gckmr\">\n\t<div class=\"fl-module-content fl-node-content\">\n\t\t<span class=\"fl-icon-wrap\">\n\t<span class=\"fl-icon\">\n\t\t\t\t\t<i class=\"fas fa-hand-holding-heart \" ><\/i>\n\t\t\t<\/span>\n\n\t<\/span>\n\t<\/div>\n<\/div>\n<div class=\"fl-module fl-module-vamtam-heading fl-node-7egbzsvdfwuk\" data-node=\"7egbzsvdfwuk\">\n\t<div class=\"fl-module-content fl-node-content\">\n\t\t<h3 class=\"vamtam-heading \">\n\t\n\t\n\t<span class=\"vamtam-heading-text\">Liebe zum Territorium<\/span>\n\n\t\n\t<\/h3>\n\t<\/div>\n<\/div>\n<div class=\"fl-module fl-module-rich-text fl-node-amlcf42hzxyr\" data-node=\"amlcf42hzxyr\">\n\t<div class=\"fl-module-content fl-node-content\">\n\t\t<div class=\"fl-rich-text\">\n\t<div class=\"wpb_text_column wpb_content_element \">\n<div class=\"wpb_wrapper\">\n<p>Dank der Erfahrung unseres K\u00fcchenchefs und seines Personals bietet das Restaurant schmackhafte typische Gerichte der Maremma, traditionelle Rezepte, die auf moderne Art und Weise neu interpretiert werden, frische Pasta und hausgemachtes Brot.<\/p>\n<p>Die strategische Lage unseres Restaurants Il Leccino, in der N\u00e4he der ber\u00fchmtesten H\u00e4fen der Maremma, erm\u00f6glicht es uns, auch hervorragende Gerichte auf der Basis von fangfrischem Fisch anzubieten.<\/p>\n<p>Um unsere G\u00e4ste bei der Entdeckung unserer K\u00fcche zu begleiten und dank der Leidenschaft unseres Ma\u00eetre\/Sommeliers haben wir einen offenen Weinkeller geschaffen, der die besten zertifizierten toskanischen Weine und \u00d6le beherbergt, um ein Erlebnis voller Genuss abzuschlie\u00dfen.<\/p>\n<\/div>\n<\/div>\n<\/div>\n\t<\/div>\n<\/div>\n\t<\/div>\n<\/div>\n\t<\/div>\n\t<\/div>\n<\/div>\n\t<\/div>\n\t\t<\/div>\n\t<\/div>\n<\/div>\n<div class=\"fl-row fl-row-full-width fl-row-bg-color fl-node-9cwxkqab4zhv fl-row-bg-attachment-scroll\" data-node=\"9cwxkqab4zhv\">\n\t<div class=\"fl-row-content-wrap\">\n\t\t\t\t\t\t<div class=\"fl-row-content fl-row-fixed-width fl-node-content\">\n\t\t\n<div class=\"fl-col-group fl-node-kxrcnlwov2e3 fl-col-group-custom-width\" data-node=\"kxrcnlwov2e3\">\n\t\t\t<div class=\"fl-col fl-node-6aldv8yuwix9 fl-col-has-cols\" data-node=\"6aldv8yuwix9\">\n\t<div class=\"fl-col-content fl-node-content\">\n\t<div class=\"fl-module fl-module-vamtam-heading fl-node-tueik4qsw7ol\" data-node=\"tueik4qsw7ol\">\n\t<div class=\"fl-module-content fl-node-content\">\n\t\t<h3 class=\"vamtam-heading \">\n\t\n\t\n\t<span class=\"vamtam-heading-text\">Folgen Sie dem Restaurant Il Leccino auf Social<\/span>\n\n\t\n\t<\/h3>\n\t<\/div>\n<\/div>\n\n<div class=\"fl-col-group fl-node-uisklf3a2mb9 fl-col-group-nested\" data-node=\"uisklf3a2mb9\">\n\t\t\t<div class=\"fl-col fl-node-lp9fvxhc6u2t fl-col-small\" data-node=\"lp9fvxhc6u2t\">\n\t<div class=\"fl-col-content fl-node-content\">\n\t\t<\/div>\n<\/div>\n\t\t\t<div class=\"fl-col fl-node-rnvbxkgtw2dq fl-col-small\" data-node=\"rnvbxkgtw2dq\">\n\t<div class=\"fl-col-content fl-node-content\">\n\t<div class=\"fl-module fl-module-icon fl-node-v5o6p03lstx1\" data-node=\"v5o6p03lstx1\">\n\t<div class=\"fl-module-content fl-node-content\">\n\t\t<div class=\"fl-icon-wrap\">\n\t<span class=\"fl-icon\">\n\t\t\t\t\t\t\t\t<a href=\"https:\/\/www.facebook.com\/ristoranteilleccino\/\" target=\"_blank\" rel=\"noopener\" >\n\t\t\t\t\t\t\t<i class=\"fab fa-facebook\" aria-hidden=\"true\"><\/i>\n\t\t\t\t\t\t<\/a>\n\t\t\t<\/span>\n\t<\/div>\n\t<\/div>\n<\/div>\n\t<\/div>\n<\/div>\n\t\t\t<div class=\"fl-col fl-node-akq5lv7d9rxp fl-col-small\" data-node=\"akq5lv7d9rxp\">\n\t<div class=\"fl-col-content fl-node-content\">\n\t<div class=\"fl-module fl-module-icon fl-node-1bygjf7qxp4o\" data-node=\"1bygjf7qxp4o\">\n\t<div class=\"fl-module-content fl-node-content\">\n\t\t<div class=\"fl-icon-wrap\">\n\t<span class=\"fl-icon\">\n\t\t\t\t\t\t\t\t<a href=\"https:\/\/www.instagram.com\/ristoranteilleccino\/\" target=\"_blank\" rel=\"noopener\" >\n\t\t\t\t\t\t\t<i class=\"fab fa-instagram\" aria-hidden=\"true\"><\/i>\n\t\t\t\t\t\t<\/a>\n\t\t\t<\/span>\n\t<\/div>\n\t<\/div>\n<\/div>\n\t<\/div>\n<\/div>\n\t\t\t<div class=\"fl-col fl-node-0vmrlu6cf9b7 fl-col-small\" data-node=\"0vmrlu6cf9b7\">\n\t<div class=\"fl-col-content fl-node-content\">\n\t\t<\/div>\n<\/div>\n\t<\/div>\n\t<\/div>\n<\/div>\n\t<\/div>\n\t\t<\/div>\n\t<\/div>\n<\/div>\n<\/div>","protected":false},"excerpt":{"rendered":"<p>Jetzt Anrufen Chat WhatsApp Das Restaurant Il Leccino ist t\u00e4glich zum Abendessen ge\u00f6ffnet, samstags und sonntags auch zum Mittagessen. Jeden Tag garantiert die Agri-Bar leckere Alternativen. SEHEN SIE UNSERE PDF-MEN\u00dc AN Restaurant in der Maremma Das Restaurant Il Leccino, das sich im Inneren des Agritourismus Podere Maremma befindet, bietet unseren G\u00e4sten ein unvergessliches kulinarisches Erlebnis&#8230;.<\/p>\n","protected":false},"author":1,"featured_media":0,"parent":0,"menu_order":0,"comment_status":"closed","ping_status":"closed","template":"","meta":{"inline_featured_image":false,"footnotes":""},"class_list":["post-991808","page","type-page","status-publish","hentry"],"_links":{"self":[{"href":"https:\/\/www.poderemaremma.it\/de\/wp-json\/wp\/v2\/pages\/991808","targetHints":{"allow":["GET"]}}],"collection":[{"href":"https:\/\/www.poderemaremma.it\/de\/wp-json\/wp\/v2\/pages"}],"about":[{"href":"https:\/\/www.poderemaremma.it\/de\/wp-json\/wp\/v2\/types\/page"}],"author":[{"embeddable":true,"href":"https:\/\/www.poderemaremma.it\/de\/wp-json\/wp\/v2\/users\/1"}],"replies":[{"embeddable":true,"href":"https:\/\/www.poderemaremma.it\/de\/wp-json\/wp\/v2\/comments?post=991808"}],"version-history":[{"count":4,"href":"https:\/\/www.poderemaremma.it\/de\/wp-json\/wp\/v2\/pages\/991808\/revisions"}],"predecessor-version":[{"id":992571,"href":"https:\/\/www.poderemaremma.it\/de\/wp-json\/wp\/v2\/pages\/991808\/revisions\/992571"}],"wp:attachment":[{"href":"https:\/\/www.poderemaremma.it\/de\/wp-json\/wp\/v2\/media?parent=991808"}],"curies":[{"name":"wp","href":"https:\/\/api.w.org\/{rel}","templated":true}]}}